{"id":305,"date":"2019-08-07T10:54:07","date_gmt":"2019-08-07T13:54:07","guid":{"rendered":"https:\/\/www.sindifer-rio.org.br\/sis\/?page_id=305"},"modified":"2019-08-07T10:54:41","modified_gmt":"2019-08-07T13:54:41","slug":"informativos","status":"publish","type":"page","link":"https:\/\/www.sindifer-rio.org.br\/sis\/informativos\/","title":{"rendered":"Informativos"},"content":{"rendered":"\t\t<div data-elementor-type=\"wp-post\" data-elementor-id=\"305\" class=\"elementor elementor-305\">\n\t\t\t\t\t\t<section class=\"elementor-section elementor-top-section elementor-element elementor-element-084e6bb elementor-section-boxed elementor-section-height-default elementor-section-height-default\" data-id=\"084e6bb\" data-element_type=\"section\" data-e-type=\"section\">\n\t\t\t\t\t\t<div class=\"elementor-container elementor-column-gap-default\">\n\t\t\t\t\t<div class=\"aux-parallax-section elementor-column elementor-col-100 elementor-top-column elementor-element elementor-element-b38616f\" data-id=\"b38616f\" data-element_type=\"column\" data-e-type=\"column\">\n\t\t\t<div class=\"elementor-widget-wrap elementor-element-populated\">\n\t\t\t\t\t\t<div class=\"elementor-element elementor-element-885843d aux-appear-watch-animation aux-fade-in-up elementor-widget elementor-widget-aux_recent_posts\" data-id=\"885843d\" data-element_type=\"widget\" data-e-type=\"widget\" data-settings=\"{&quot;columns&quot;:&quot;3&quot;,&quot;columns_tablet&quot;:&quot;2&quot;,&quot;columns_mobile&quot;:&quot;1&quot;}\" data-widget_type=\"aux_recent_posts.default\">\n\t\t\t\t<div class=\"elementor-widget-container\">\n\t\t\t\t\t<section class=\"widget-container aux-widget-recent-posts aux-parent-auca75447f\"><div data-element-id=\"auca75447f\" class=\"aux-match-height aux-row aux-de-col3 aux-tb-col2 aux-mb-col1 aux-total-3 aux-grid-carousel-modern-layout aux-ajax-view  \"><div class=\"aux-col post-147\">\n                        <article class=\"post column-entry post-147 type-post status-publish format-standard has-post-thumbnail hentry category-informativos\">\n                                                        <div class=\"entry-media\"><div class=\"aux-media-frame aux-media-image aux-image-mask\"><a href=\"https:\/\/www.sindifer-rio.org.br\/sis\/informativo-maio-de-2019\/\"><img decoding=\"async\" src=\"https:\/\/www.sindifer-rio.org.br\/sis\/wp-content\/uploads\/2018\/04\/Informativos-2019-05-637x478.jpg\" class=\"aux-attachment aux-featured-image attachment-507x330 aux-attachment-id-294 \" alt=\"Informativo Maio 2019\" srcset=\"https:\/\/www.sindifer-rio.org.br\/sis\/wp-content\/uploads\/2018\/04\/Informativos-2019-05-150x113.jpg 150w,https:\/\/www.sindifer-rio.org.br\/sis\/wp-content\/uploads\/2018\/04\/Informativos-2019-05-300x225.jpg 300w,https:\/\/www.sindifer-rio.org.br\/sis\/wp-content\/uploads\/2018\/04\/Informativos-2019-05-637x478.jpg 507w,https:\/\/www.sindifer-rio.org.br\/sis\/wp-content\/uploads\/2018\/04\/Informativos-2019-05-497x372.jpg 497w\" data-ratio=\"1.33\" data-original-w=\"507\" sizes=\"(max-width:479px) 480px,(max-width:767px) 768px,(max-width:1023px) 1024px,507px\" \/><\/a><\/div><\/div>\n                            \n                            <div class=\"entry-main\">\n                                                                                        \n                                <div class=\"entry-info\">\n                                                                    <div class=\"entry-date\">\n                                        <a href=\"https:\/\/www.sindifer-rio.org.br\/sis\/informativo-maio-de-2019\/\">\n                                            <time datetime=\"2019-05-01T08:22:51-03:00\" title=\"2019-05-01T08:22:51-03:00\" >1 de maio de 2019<\/time>\n                                        <\/a>\n                                    <\/div>\n                                                                                                    <span class=\"entry-meta-sep meta-sep\">por<\/span>\n                                    <span class=\"author vcard\">\n                                        <a href=\"https:\/\/www.sindifer-rio.org.br\/sis\/author\/sindifer-rio\/\" rel=\"author\" title=\"Veja todas as publica\u00e7\u00f5es de Sindifer-Rio\" >\n                                            Sindifer-Rio                                        <\/a>\n                                    <\/span>\n                                                                                                                                                                        <\/div>\n                            \n                                <header class=\"entry-header\">\n                                \n                                    <h4 class=\"entry-title\">\n                                        <a href=\"https:\/\/www.sindifer-rio.org.br\/sis\/informativo-maio-de-2019\/\">\n                                            Informativo Maio de 2019                                        <\/a>\n                                    <\/h4>\n                                                                    <div class=\"entry-format\">\n                                        <a href=\"https:\/\/www.sindifer-rio.org.br\/sis\/informativo-maio-de-2019\/\">\n                                            <div class=\"post-format format-\"> <\/div>\n                                        <\/a>\n                                    <\/div>\n                                <\/header>\n                            \n                                                                                        <footer class=\"entry-meta aux-after-content\">\n                                                                        <div class=\"readmore\">\n                                        <a href=\"https:\/\/www.sindifer-rio.org.br\/sis\/informativo-maio-de-2019\/\" class=\"aux-read-more\"><span class=\"aux-read-more-text\">Saiba Mais<\/span><\/a>\n                                    <\/div>\n                                                                    <\/footer>\n                            \n                            <\/div>\n\n                        <\/article>\n<\/div><div class=\"aux-col post-309\">\n                        <article class=\"post column-entry post-309 type-post status-publish format-standard has-post-thumbnail hentry category-informativos\">\n                                                        <div class=\"entry-media\"><div class=\"aux-media-frame aux-media-image aux-image-mask\"><a href=\"https:\/\/www.sindifer-rio.org.br\/sis\/informativo-marco-de-2019\/\"><img decoding=\"async\" src=\"https:\/\/www.sindifer-rio.org.br\/sis\/wp-content\/uploads\/2018\/04\/Informativos-2019-03-637x478.jpg\" class=\"aux-attachment aux-featured-image attachment-507x330 aux-attachment-id-293 \" alt=\"Informativos-2019-03\" srcset=\"https:\/\/www.sindifer-rio.org.br\/sis\/wp-content\/uploads\/2018\/04\/Informativos-2019-03-150x113.jpg 150w,https:\/\/www.sindifer-rio.org.br\/sis\/wp-content\/uploads\/2018\/04\/Informativos-2019-03-300x225.jpg 300w,https:\/\/www.sindifer-rio.org.br\/sis\/wp-content\/uploads\/2018\/04\/Informativos-2019-03-637x478.jpg 507w,https:\/\/www.sindifer-rio.org.br\/sis\/wp-content\/uploads\/2018\/04\/Informativos-2019-03-497x372.jpg 497w\" data-ratio=\"1.33\" data-original-w=\"507\" sizes=\"(max-width:479px) 480px,(max-width:767px) 768px,(max-width:1023px) 1024px,507px\" \/><\/a><\/div><\/div>\n                            \n                            <div class=\"entry-main\">\n                                                                                        \n                                <div class=\"entry-info\">\n                                                                    <div class=\"entry-date\">\n                                        <a href=\"https:\/\/www.sindifer-rio.org.br\/sis\/informativo-marco-de-2019\/\">\n                                            <time datetime=\"2019-03-07T10:56:26-03:00\" title=\"2019-03-07T10:56:26-03:00\" >7 de mar\u00e7o de 2019<\/time>\n                                        <\/a>\n                                    <\/div>\n                                                                                                    <span class=\"entry-meta-sep meta-sep\">por<\/span>\n                                    <span class=\"author vcard\">\n                                        <a href=\"https:\/\/www.sindifer-rio.org.br\/sis\/author\/sindifer-rio\/\" rel=\"author\" title=\"Veja todas as publica\u00e7\u00f5es de Sindifer-Rio\" >\n                                            Sindifer-Rio                                        <\/a>\n                                    <\/span>\n                                                                                                                                                                        <\/div>\n                            \n                                <header class=\"entry-header\">\n                                \n                                    <h4 class=\"entry-title\">\n                                        <a href=\"https:\/\/www.sindifer-rio.org.br\/sis\/informativo-marco-de-2019\/\">\n                                            Informativo Mar\u00e7o de 2019                                        <\/a>\n                                    <\/h4>\n                                                                    <div class=\"entry-format\">\n                                        <a href=\"https:\/\/www.sindifer-rio.org.br\/sis\/informativo-marco-de-2019\/\">\n                                            <div class=\"post-format format-\"> <\/div>\n                                        <\/a>\n                                    <\/div>\n                                <\/header>\n                            \n                                                                                        <footer class=\"entry-meta aux-after-content\">\n                                                                        <div class=\"readmore\">\n                                        <a href=\"https:\/\/www.sindifer-rio.org.br\/sis\/informativo-marco-de-2019\/\" class=\"aux-read-more\"><span class=\"aux-read-more-text\">Saiba Mais<\/span><\/a>\n                                    <\/div>\n                                                                    <\/footer>\n                            \n                            <\/div>\n\n                        <\/article>\n<\/div><div class=\"aux-col post-311\">\n                        <article class=\"post column-entry post-311 type-post status-publish format-standard has-post-thumbnail hentry category-informativos\">\n                                                        <div class=\"entry-media\"><div class=\"aux-media-frame aux-media-image aux-image-mask\"><a href=\"https:\/\/www.sindifer-rio.org.br\/sis\/informativo-janeiro-de-2019\/\"><img decoding=\"async\" src=\"https:\/\/www.sindifer-rio.org.br\/sis\/wp-content\/uploads\/2018\/04\/Informativos-2019-01-637x478.jpg\" class=\"aux-attachment aux-featured-image attachment-507x330 aux-attachment-id-292 \" alt=\"Informativos-2019-01\" srcset=\"https:\/\/www.sindifer-rio.org.br\/sis\/wp-content\/uploads\/2018\/04\/Informativos-2019-01-150x113.jpg 150w,https:\/\/www.sindifer-rio.org.br\/sis\/wp-content\/uploads\/2018\/04\/Informativos-2019-01-300x225.jpg 300w,https:\/\/www.sindifer-rio.org.br\/sis\/wp-content\/uploads\/2018\/04\/Informativos-2019-01-637x478.jpg 507w,https:\/\/www.sindifer-rio.org.br\/sis\/wp-content\/uploads\/2018\/04\/Informativos-2019-01-497x372.jpg 497w\" data-ratio=\"1.33\" data-original-w=\"507\" sizes=\"(max-width:479px) 480px,(max-width:767px) 768px,(max-width:1023px) 1024px,507px\" \/><\/a><\/div><\/div>\n                            \n                            <div class=\"entry-main\">\n                                                                                        \n                                <div class=\"entry-info\">\n                                                                    <div class=\"entry-date\">\n                                        <a href=\"https:\/\/www.sindifer-rio.org.br\/sis\/informativo-janeiro-de-2019\/\">\n                                            <time datetime=\"2019-01-07T10:57:24-02:00\" title=\"2019-01-07T10:57:24-02:00\" >7 de janeiro de 2019<\/time>\n                                        <\/a>\n                                    <\/div>\n                                                                                                    <span class=\"entry-meta-sep meta-sep\">por<\/span>\n                                    <span class=\"author vcard\">\n                                        <a href=\"https:\/\/www.sindifer-rio.org.br\/sis\/author\/sindifer-rio\/\" rel=\"author\" title=\"Veja todas as publica\u00e7\u00f5es de Sindifer-Rio\" >\n                                            Sindifer-Rio                                        <\/a>\n                                    <\/span>\n                                                                                                                                                                        <\/div>\n                            \n                                <header class=\"entry-header\">\n                                \n                                    <h4 class=\"entry-title\">\n                                        <a href=\"https:\/\/www.sindifer-rio.org.br\/sis\/informativo-janeiro-de-2019\/\">\n                                            Informativo Janeiro de 2019                                        <\/a>\n                                    <\/h4>\n                                                                    <div class=\"entry-format\">\n                                        <a href=\"https:\/\/www.sindifer-rio.org.br\/sis\/informativo-janeiro-de-2019\/\">\n                                            <div class=\"post-format format-\"> <\/div>\n                                        <\/a>\n                                    <\/div>\n                                <\/header>\n                            \n                                                                                        <footer class=\"entry-meta aux-after-content\">\n                                                                        <div class=\"readmore\">\n                                        <a href=\"https:\/\/www.sindifer-rio.org.br\/sis\/informativo-janeiro-de-2019\/\" class=\"aux-read-more\"><span class=\"aux-read-more-text\">Saiba Mais<\/span><\/a>\n                                    <\/div>\n                                                                    <\/footer>\n                            \n                            <\/div>\n\n                        <\/article>\n<\/div><\/div><\/section><!-- widget-container -->\t\t\t\t<\/div>\n\t\t\t\t<\/div>\n\t\t\t\t\t<\/div>\n\t\t<\/div>\n\t\t\t\t\t<\/div>\n\t\t<\/section>\n\t\t\t\t<\/div>\n\t\t","protected":false},"excerpt":{"rendered":"","protected":false},"author":1,"featured_media":0,"parent":0,"menu_order":0,"comment_status":"closed","ping_status":"closed","template":"","meta":{"_joinchat":[],"footnotes":""},"class_list":["post-305","page","type-page","status-publish","hentry"],"yoast_head":"<!-- This site is optimized with the Yoast SEO plugin v27.2 - https:\/\/yoast.com\/product\/yoast-seo-wordpress\/ -->\n<title>Informativos - Sindifer-Rio<\/title>\n<meta name=\"robots\" content=\"index, follow, max-snippet:-1, max-image-preview:large, max-video-preview:-1\" \/>\n<link rel=\"canonical\" href=\"https:\/\/www.sindifer-rio.org.br\/sis\/informativos\/\" \/>\n<meta property=\"og:locale\" content=\"pt_BR\" \/>\n<meta property=\"og:type\" content=\"article\" \/>\n<meta property=\"og:title\" content=\"Informativos - Sindifer-Rio\" \/>\n<meta property=\"og:url\" content=\"https:\/\/www.sindifer-rio.org.br\/sis\/informativos\/\" \/>\n<meta property=\"og:site_name\" content=\"Sindifer-Rio\" \/>\n<meta property=\"article:modified_time\" content=\"2019-08-07T13:54:41+00:00\" \/>\n<meta name=\"twitter:card\" content=\"summary_large_image\" \/>\n<script type=\"application\/ld+json\" class=\"yoast-schema-graph\">{\"@context\":\"https:\/\/schema.org\",\"@graph\":[{\"@type\":\"WebPage\",\"@id\":\"https:\/\/www.sindifer-rio.org.br\/sis\/informativos\/\",\"url\":\"https:\/\/www.sindifer-rio.org.br\/sis\/informativos\/\",\"name\":\"Informativos - Sindifer-Rio\",\"isPartOf\":{\"@id\":\"https:\/\/www.sindifer-rio.org.br\/sis\/#website\"},\"datePublished\":\"2019-08-07T13:54:07+00:00\",\"dateModified\":\"2019-08-07T13:54:41+00:00\",\"breadcrumb\":{\"@id\":\"https:\/\/www.sindifer-rio.org.br\/sis\/informativos\/#breadcrumb\"},\"inLanguage\":\"pt-BR\",\"potentialAction\":[{\"@type\":\"ReadAction\",\"target\":[\"https:\/\/www.sindifer-rio.org.br\/sis\/informativos\/\"]}]},{\"@type\":\"BreadcrumbList\",\"@id\":\"https:\/\/www.sindifer-rio.org.br\/sis\/informativos\/#breadcrumb\",\"itemListElement\":[{\"@type\":\"ListItem\",\"position\":1,\"name\":\"Home\",\"item\":\"https:\/\/www.sindifer-rio.org.br\/sis\/\"},{\"@type\":\"ListItem\",\"position\":2,\"name\":\"Informativos\"}]},{\"@type\":\"WebSite\",\"@id\":\"https:\/\/www.sindifer-rio.org.br\/sis\/#website\",\"url\":\"https:\/\/www.sindifer-rio.org.br\/sis\/\",\"name\":\"Sindifer-Rio\",\"description\":\"Sindicato do Com\u00e9rcio Varejista de Maquinismo, Ferragens, Tintas, Lou\u00e7as, Vidros e Materiais para Constru\u00e7\u00e3o a Varejo do Munic\u00edpio do Rio de Janeiro\",\"publisher\":{\"@id\":\"https:\/\/www.sindifer-rio.org.br\/sis\/#organization\"},\"potentialAction\":[{\"@type\":\"SearchAction\",\"target\":{\"@type\":\"EntryPoint\",\"urlTemplate\":\"https:\/\/www.sindifer-rio.org.br\/sis\/?s={search_term_string}\"},\"query-input\":{\"@type\":\"PropertyValueSpecification\",\"valueRequired\":true,\"valueName\":\"search_term_string\"}}],\"inLanguage\":\"pt-BR\"},{\"@type\":\"Organization\",\"@id\":\"https:\/\/www.sindifer-rio.org.br\/sis\/#organization\",\"name\":\"Sindifer-Rio\",\"url\":\"https:\/\/www.sindifer-rio.org.br\/sis\/\",\"logo\":{\"@type\":\"ImageObject\",\"inLanguage\":\"pt-BR\",\"@id\":\"https:\/\/www.sindifer-rio.org.br\/sis\/#\/schema\/logo\/image\/\",\"url\":\"https:\/\/www.sindifer-rio.org.br\/sis\/wp-content\/uploads\/2021\/12\/cropped-Logo-Sindifer-2013-curva-fecomercio_med.jpg\",\"contentUrl\":\"https:\/\/www.sindifer-rio.org.br\/sis\/wp-content\/uploads\/2021\/12\/cropped-Logo-Sindifer-2013-curva-fecomercio_med.jpg\",\"width\":193,\"height\":73,\"caption\":\"Sindifer-Rio\"},\"image\":{\"@id\":\"https:\/\/www.sindifer-rio.org.br\/sis\/#\/schema\/logo\/image\/\"},\"sameAs\":[\"https:\/\/www.instagram.com\/sindiferrio\",\"https:\/\/wa.me\/5521984838085\"]}]}<\/script>\n<!-- \/ Yoast SEO plugin. -->","yoast_head_json":{"title":"Informativos - Sindifer-Rio","robots":{"index":"index","follow":"follow","max-snippet":"max-snippet:-1","max-image-preview":"max-image-preview:large","max-video-preview":"max-video-preview:-1"},"canonical":"https:\/\/www.sindifer-rio.org.br\/sis\/informativos\/","og_locale":"pt_BR","og_type":"article","og_title":"Informativos - Sindifer-Rio","og_url":"https:\/\/www.sindifer-rio.org.br\/sis\/informativos\/","og_site_name":"Sindifer-Rio","article_modified_time":"2019-08-07T13:54:41+00:00","twitter_card":"summary_large_image","schema":{"@context":"https:\/\/schema.org","@graph":[{"@type":"WebPage","@id":"https:\/\/www.sindifer-rio.org.br\/sis\/informativos\/","url":"https:\/\/www.sindifer-rio.org.br\/sis\/informativos\/","name":"Informativos - Sindifer-Rio","isPartOf":{"@id":"https:\/\/www.sindifer-rio.org.br\/sis\/#website"},"datePublished":"2019-08-07T13:54:07+00:00","dateModified":"2019-08-07T13:54:41+00:00","breadcrumb":{"@id":"https:\/\/www.sindifer-rio.org.br\/sis\/informativos\/#breadcrumb"},"inLanguage":"pt-BR","potentialAction":[{"@type":"ReadAction","target":["https:\/\/www.sindifer-rio.org.br\/sis\/informativos\/"]}]},{"@type":"BreadcrumbList","@id":"https:\/\/www.sindifer-rio.org.br\/sis\/informativos\/#breadcrumb","itemListElement":[{"@type":"ListItem","position":1,"name":"Home","item":"https:\/\/www.sindifer-rio.org.br\/sis\/"},{"@type":"ListItem","position":2,"name":"Informativos"}]},{"@type":"WebSite","@id":"https:\/\/www.sindifer-rio.org.br\/sis\/#website","url":"https:\/\/www.sindifer-rio.org.br\/sis\/","name":"Sindifer-Rio","description":"Sindicato do Com\u00e9rcio Varejista de Maquinismo, Ferragens, Tintas, Lou\u00e7as, Vidros e Materiais para Constru\u00e7\u00e3o a Varejo do Munic\u00edpio do Rio de Janeiro","publisher":{"@id":"https:\/\/www.sindifer-rio.org.br\/sis\/#organization"},"potentialAction":[{"@type":"SearchAction","target":{"@type":"EntryPoint","urlTemplate":"https:\/\/www.sindifer-rio.org.br\/sis\/?s={search_term_string}"},"query-input":{"@type":"PropertyValueSpecification","valueRequired":true,"valueName":"search_term_string"}}],"inLanguage":"pt-BR"},{"@type":"Organization","@id":"https:\/\/www.sindifer-rio.org.br\/sis\/#organization","name":"Sindifer-Rio","url":"https:\/\/www.sindifer-rio.org.br\/sis\/","logo":{"@type":"ImageObject","inLanguage":"pt-BR","@id":"https:\/\/www.sindifer-rio.org.br\/sis\/#\/schema\/logo\/image\/","url":"https:\/\/www.sindifer-rio.org.br\/sis\/wp-content\/uploads\/2021\/12\/cropped-Logo-Sindifer-2013-curva-fecomercio_med.jpg","contentUrl":"https:\/\/www.sindifer-rio.org.br\/sis\/wp-content\/uploads\/2021\/12\/cropped-Logo-Sindifer-2013-curva-fecomercio_med.jpg","width":193,"height":73,"caption":"Sindifer-Rio"},"image":{"@id":"https:\/\/www.sindifer-rio.org.br\/sis\/#\/schema\/logo\/image\/"},"sameAs":["https:\/\/www.instagram.com\/sindiferrio","https:\/\/wa.me\/5521984838085"]}]}},"_links":{"self":[{"href":"https:\/\/www.sindifer-rio.org.br\/sis\/wp-json\/wp\/v2\/pages\/305","targetHints":{"allow":["GET"]}}],"collection":[{"href":"https:\/\/www.sindifer-rio.org.br\/sis\/wp-json\/wp\/v2\/pages"}],"about":[{"href":"https:\/\/www.sindifer-rio.org.br\/sis\/wp-json\/wp\/v2\/types\/page"}],"author":[{"embeddable":true,"href":"https:\/\/www.sindifer-rio.org.br\/sis\/wp-json\/wp\/v2\/users\/1"}],"replies":[{"embeddable":true,"href":"https:\/\/www.sindifer-rio.org.br\/sis\/wp-json\/wp\/v2\/comments?post=305"}],"version-history":[{"count":0,"href":"https:\/\/www.sindifer-rio.org.br\/sis\/wp-json\/wp\/v2\/pages\/305\/revisions"}],"wp:attachment":[{"href":"https:\/\/www.sindifer-rio.org.br\/sis\/wp-json\/wp\/v2\/media?parent=305"}],"curies":[{"name":"wp","href":"https:\/\/api.w.org\/{rel}","templated":true}]}}